{"id":1112,"date":"2018-05-28T18:18:07","date_gmt":"2018-05-28T18:18:07","guid":{"rendered":"https:\/\/www.joinso.cat\/?page_id=1112"},"modified":"2025-07-29T16:28:47","modified_gmt":"2025-07-29T14:28:47","slug":"politica-de-privacitat","status":"publish","type":"page","link":"https:\/\/joinso.cat\/ca\/politica-de-privacitat\/","title":{"rendered":"Politica de privacitat"},"content":{"rendered":"<p>[et_pb_section fb_built=&#8221;1&#8243; _builder_version=&#8221;4.16&#8243; global_colors_info=&#8221;{}&#8221;][et_pb_row _builder_version=&#8221;4.16&#8243; background_size=&#8221;initial&#8221; background_position=&#8221;top_left&#8221; background_repeat=&#8221;repeat&#8221; global_colors_info=&#8221;{}&#8221;][et_pb_column type=&#8221;4_4&#8243; _builder_version=&#8221;4.16&#8243; custom_padding=&#8221;|||&#8221; global_colors_info=&#8221;{}&#8221; custom_padding__hover=&#8221;|||&#8221;][et_pb_text _builder_version=&#8221;4.27.4&#8243; hover_enabled=&#8221;0&#8243; global_colors_info=&#8221;{}&#8221; sticky_enabled=&#8221;0&#8243;]<\/p>\n<h1><span style=\"font-size: 24pt;\"><strong>Pol\u00edtica de privacitat<\/strong><\/span><\/h1>\n<p><span style=\"font-size: 10pt;\"><em><strong>Data de darrera modificaci\u00f3<\/strong>: 18 de octubre de 2020.<\/em><\/span><\/p>\n<p>&nbsp;<\/p>\n<p>JOINSO, marca registrada de JOINSO IT CONSULTING AND ADVICE S.L. amb NIF B65917130, \u00e9s una consultoria i assessoria en noves tecnologies de la informaci\u00f3 i que t\u00e9 el correu electr\u00f2nic <a id='contact-mail-1' href='KSQ.FA3GFZ@FO3G:FKRGS4@'>KSQ.FA3GFZ@FO3G@<\/a><script>deObfuscateEmail(document.getElementById('contact-mail-1'));<\/script> com una de les formes de contacte electr\u00f2nic.<\/p>\n<p>Al utilitzar els nostres serveis i\/o accedir als nostres llocs webs, vost\u00e8 reconeix que ha llegit i compr\u00e8s la present pol\u00edtica de privacitat, aix\u00ed com les pr\u00e0ctiques de recopilaci\u00f3 i tractament de la informaci\u00f3 descrites en ella.<\/p>\n<p>Aquesta pol\u00edtica de privacitat s&#8217;ha actualitzat per \u00faltima vegada el 25 de maig de 2018. \u00c9s possible que efectuem canvis en la present pol\u00edtica de privacitat de manera regular; per aix\u00f2, li recomanem que la revisi de forma regular per a mantenir-se informat de qualsevol actualitzaci\u00f3 que es produeixi.<\/p>\n<p>&nbsp;<\/p>\n<h2><strong>Resum<\/strong><\/h2>\n<p>&nbsp;<\/p>\n<p>Aquesta pol\u00edtica de privacitat descriu en detall la nostra pol\u00edtica i les nostres pr\u00e0ctiques en relaci\u00f3 amb la recopilaci\u00f3, \u00fas i divulgaci\u00f3 de les seves dades personals.<\/p>\n<p>La gesti\u00f3 de les seves dades personals comporta una gran responsabilitat. \u00c9s per aquest motiu, que ens prenem aquest aspecte amb molta serietat i donem la m\u00e0xima prioritat a la seguretat i confidencialitat de la mateixa, ja sigui quan visita els nostres llocs webs, o mitjan\u00e7ant qualsevol altra via de tractament.<\/p>\n<p>&nbsp;<\/p>\n<h3><strong> 1.- Recopilaci\u00f3 de les seves dades personals<\/strong><\/h3>\n<p>&nbsp;<\/p>\n<p>Com a dades personals s&#8217;ent\u00e9n qualsevol informaci\u00f3 sobre un individu a partir de la qual aquest pot ser identificat, com ara adreces electr\u00f2niques, codis d&#8217;identificaci\u00f3 fiscal (NIF o NIE a nivell d&#8217;Espanya, VAT ID a nivell de la Uni\u00f3 Europea), adreces d&#8217;enviament i facturaci\u00f3, dades banc\u00e0ries i \/ o contrasenya.<\/p>\n<p>Aix\u00f2 no inclou les dades resultants quan la identitat hagi estat eliminada (dades an\u00f2nimes).<\/p>\n<p>&nbsp;<\/p>\n<h3><strong> 2.- Com utilitzem les seves dades personals<\/strong><\/h3>\n<p>&nbsp;<\/p>\n<p>Utilitzem les dades personals que recollim sobre vost\u00e8 nom\u00e9s per a fins espec\u00edfics.<\/p>\n<p>Aix\u00f2 inclou, per\u00f2 no es limita a, oferir-li els nostres serveis, gestionar el seu registre i compte, incloent el seu acc\u00e9s ai \u00fas dels nostres llocs web, gestionar i facilitar consultes, comunicar-nos amb vost\u00e8 sobre el seu compte o \u00fas del nostre lloc i serveis, respondre a, o realitzar el seguiment dels seus comentaris i preguntes, i de qualsevol altra forma de prestar servei al client, notificar-li canvis en els nostres termes o pol\u00edtica de privacitat, notificar-li promocions i ofertes especials, investigar i evitar les activitats fraudulentes o il\u00b7l\u00edcites, activitats il\u00b7legals o no autoritzades, administrar i protegir el nostre negoci i resoldre litigis o solucionar problemes.<\/p>\n<p>Nom\u00e9s farem servir les seves dades personals d&#8217;acord amb el que estableix la llei. En la majoria dels casos, utilitzarem les seves dades personals en les seg\u00fcents circumst\u00e0ncies:<\/p>\n<ul>\n<li style=\"list-style-type: none;\">\n<ul>\n<li>Quan necessitem executar el contracte que estem a punt de signar o que signi amb nosaltres.<\/li>\n<li>Quan sigui necessari per a la consecuci\u00f3 dels nostres interessos leg\u00edtims (o els d&#8217;un tercer), sempre que aquests interessos no contravinguin els seus interessos ni vulneren els seus drets fonamentals.<\/li>\n<li>Amb el seu consentiment.<\/li>\n<li>Quan necessitem complir una obligaci\u00f3 legal o reglament\u00e0ria.<\/li>\n<\/ul>\n<\/li>\n<\/ul>\n<h4><\/h4>\n<h4><strong>M\u00e0rqueting<\/strong><\/h4>\n<p>&nbsp;<\/p>\n<p>Rebr\u00e0 missatges de m\u00e0rqueting nostres si ens ha donat el seu consentiment, si ho ha sol\u00b7licitat o si ha adquirit b\u00e9ns o serveis nostres i si no ha renunciat a rebre missatges de m\u00e0rqueting.<\/p>\n<p>Cada vegada que rep un correu electr\u00f2nic d&#8217;aquesta classe, podr\u00e0 indicar-nos si no desitja rebre&#8217;ls m\u00e9s. Podr\u00e0 cancel\u00b7lar la subscripci\u00f3 de cadascuna d&#8217;aquestes comunicacions de m\u00e0rqueting en qualsevol moment fent clic a l&#8217;enlla\u00e7 de cancel\u00b7laci\u00f3 de subscripci\u00f3.<\/p>\n<p>Recordi que pot ser que li seguim enviant comunicacions de serveis i missatges administratius relacionats amb els serveis que vost\u00e8 tingui contractats amb nosaltres o altres d&#8217;inter\u00e8s general sobre la nostra empresa. No \u00e9s possible donar-se de baixa d&#8217;aquestes comunicacions de servei.<\/p>\n<h3><\/h3>\n<p>&nbsp;<\/p>\n<h3><strong>3. Amb qui compartim les seves dades personals<\/strong><\/h3>\n<p>&nbsp;<\/p>\n<p>Les dades que ens proporcioni s\u00f3n compartides en aquests \u00e0mbits:<\/p>\n<ul>\n<li style=\"list-style-type: none;\">\n<ul>\n<li>Empreses prove\u00efdores de productes i\/o serveis personalitzats, o material inform\u00e0tic:<br \/>Seran aquelles empreses que per al lliurament d&#8217;un producte i\/o servei, aquest ha de ser registrat a nom del client final indicant dades personals com nom, adre\u00e7a social i adre\u00e7a de correu electr\u00f2nic.<\/li>\n<li>Empreses de transport:<br \/>Si el client compra productes que s&#8217;han de lliurar al seu domicili ja sigui social o fiscal, es comparteix la informaci\u00f3 m\u00ednima requerida per al lliurament.<\/li>\n<li>Serveis bancaris i financers:<br \/>En alguns sup\u00f2sits, i sempre sota autoritzaci\u00f3 del client poden demanar dades banc\u00e0ries per a la realitzaci\u00f3 de domiciliacions recurrents dels pagaments relatius als nostres serveis.<br \/>Aix\u00ed mateix, es poden demanar altres dades financeres per a la realitzaci\u00f3 d&#8217;estudis de viabilitat econ\u00f2mica d&#8217;operacions contractuals.<\/li>\n<li>Registres nacionals i internacionals relatius a certificats electr\u00f2nics de seguretat o dominis:<br \/>Es proporcionen les dades b\u00e0siques perqu\u00e8 aquests serveis siguin registrats a nivell de client final.<\/li>\n<li>Registre de garanties de productes:<br \/>Es proporcionen les dades b\u00e0siques perqu\u00e8 les garanties dels productes adquirits siguin registrats a nivell de client final.<\/li>\n<\/ul>\n<\/li>\n<\/ul>\n<p>Tamb\u00e9 \u00e9s possible que compartim la seva informaci\u00f3 si considerem, a la nostra total discreci\u00f3, que aquesta divulgaci\u00f3 \u00e9s necess\u00e0ria:<\/p>\n<ul>\n<li style=\"list-style-type: none;\">\n<ul>\n<li>Per a complir amb citacions, ordres judicials o altres processos legals; per a establir o exercir els nostres drets legals; per a defensar-nos de demandes legals; o en altres casos en qu\u00e8 la llei ho exigeixi. En aquests casos, ens reservem el dret de presentar o retirar qualsevol objecci\u00f3 o dret legal qu\u00e8 disposem;<\/li>\n<li>per a investigar, prevenir o prendre mesures pel que fa a les activitats il\u00b7legals o presumptament il\u00b7legals; per a protegir i defensar els drets, la propietat o la seguretat de JOINSO, dels nostres clients o de tercers; i en relaci\u00f3 amb les nostres Condicions d&#8217;\u00fas i altres acords.<\/li>\n<\/ul>\n<\/li>\n<\/ul>\n<p>A m\u00e9s d&#8217;aquesta suspensi\u00f3, rebreu una notificaci\u00f3 quan les seves dades personals es vagin a compartir amb tercers, i podr\u00e0 decidir si vol que no compartim aquesta informaci\u00f3.<\/p>\n<h3><\/h3>\n<p>&nbsp;<\/p>\n<h3><strong>4. Quant de temps conservem les seves dades personals<\/strong><\/h3>\n<p>&nbsp;<\/p>\n<p>Nom\u00e9s conservarem les seves dades personals el temps necessari per a complir els fins pels quals l&#8217;h\u00e0gim recopilat, inclosos els fins per a satisfer qualsevol requisit legal, comptable i de presentaci\u00f3 d&#8217;informes reglamentaris.<\/p>\n<p>Per a determinar el per\u00edode de retenci\u00f3 apropiat, tenim en compte la quantitat, la naturalesa i el grau de confidencialitat de les dades personals, el risc potencial que pugui ocasionar l&#8217;\u00fas o divulgaci\u00f3 de les seves dades personals, els fins pels quals processem aquestes dades i si podem assolir aquestes finalitats mitjan\u00e7ant altres mitjans, aix\u00ed com les disposicions legals vigents.<\/p>\n<p>Podem conservar certa informaci\u00f3 un cop finalitzada la nostra relaci\u00f3 contractual per exemple, si cal per a complir les nostres obligacions legals o per a exercir, per a mantenir la seguretat, per a impedir fraus i abusos i per a defensar o fer complir els nostres drets.<\/p>\n<h3><\/h3>\n<p>&nbsp;<\/p>\n<p><a id=\"cookies\"><\/a><\/p>\n<h3><strong>5. Cookies<\/strong><\/h3>\n<p>&nbsp;<\/p>\n<p>Recopilem informaci\u00f3 a trav\u00e9s d&#8217;l&#8217;\u00fas de cookies. Les cookies s\u00f3n petits arxius de text que s&#8217;emmagatzemen a trav\u00e9s del navegador d&#8217;Internet i es guarden autom\u00e0ticament al seu ordinador o dispositiu des del qual visita un lloc web.<\/p>\n<p>Les cookies contenen informaci\u00f3 b\u00e0sica sobre el seu \u00fas d&#8217;Internet. Cada vegada que visita el nostre lloc web, el seu navegador envia aquestes cookies a la p\u00e0gina web per poder recon\u00e8ixer-lo i personalitzar i millorar la seva experi\u00e8ncia.<br \/>Aquest web utilitza &#8216;cookies&#8217; pr\u00f2pies i de tercers per oferir a l&#8217;usuari una millor experi\u00e8ncia i servei.<\/p>\n<p>Les cookies pr\u00f2pies s\u00f3n usades per a dos conceptes diferenciats:<\/p>\n<p>&#8211; Per detectar les capacitats t\u00e8cniques i funcionals de la navegaci\u00f3 de l&#8217;usuari, i concretament, detectar si aquesta habilitat l&#8217;\u00fas de JavaScript.<br \/>&#8211; Determinar si l&#8217;usuari ha acceptat aquesta declaraci\u00f3 de termes d&#8217;\u00fas relatius a les cookies.<\/p>\n<p>En el primer sup\u00f2sit, les cookies descrites s\u00f3n eliminades a l&#8217;acabar la sessi\u00f3 o a l&#8217;tancar el navegador.<br \/>En el segon sup\u00f2sit, aquestes cookies expiren a l&#8217;any de la seva creaci\u00f3.<\/p>\n<p>Aquestes cookies es consideren cookies t\u00e8cniques i s\u00f3n necess\u00e0ries per al correcte funcionament del site.<\/p>\n<p>Les cookies de tercers tenen dos objectius:<\/p>\n<ul>\n<li>Cookies de mesurament: analitzar l&#8217;\u00fas i experi\u00e8ncia dels usuaris, i recollir dades estad\u00edstiques de forma an\u00f2nima.<\/li>\n<li>Cookies de m\u00e0rqueting \/ Prevenci\u00f3 de Spam:\n<ul>\n<li>Personalitzar anuncis en base a les visites, cerques i accions realitzades pels usuaris.<\/li>\n<li>Protegir els formularis del web de l&#8217;enviament d&#8217;informaci\u00f3 no desitjada.<\/li>\n<\/ul>\n<\/li>\n<\/ul>\n<p>Les cookies de mesurament i m\u00e0rqueting s\u00f3n gestionades per l&#8217;aplicaci\u00f3 Google Tag Manager.<br \/>Les de prevenci\u00f3 de spam s\u00f3n gestionades per l&#8217;aplicaci\u00f3 Google reCAPTCHA.<br \/>Val a dir que les cookies utilitzades per Google reCAPTCHA s\u00f3n categoritzades dins de la categoria &#8220;M\u00e0rketing&#8221;, at\u00e8s que fa servir, per exemple, la galeta &#8220;NID&#8221;, considerada una &#8220;marketing tracker&#8221;.<\/p>\n<p>Pot consultar les diferents cookies utilitzades aix\u00ed com la seva pol\u00edtica d&#8217;expiraci\u00f3 en aquest <a href=\"https:\/\/developers.google.com\/analytics\/devguides\/collection\/analyticsjs\/cookie-usage?hl=es\"> enlla\u00e7 <\/a>.<\/p>\n<p>Aquestes aplicacions s\u00f3n gestionades per Google, que presta els serveis de tractament de dades estad\u00edstiques de forma an\u00f2nima, i per tant sense demanar informaci\u00f3 personal.<\/p>\n<p>Aquesta empresa pot utilitzar les dades per a la millora dels seus propis serveis, ja sigui en productes propis, o de terceres empreses. <a id=\"cookies-settings\"><\/a><br \/>Pot consultar tota la informaci\u00f3 relativa a la pol\u00edtica de privacitat dels serveis de Google <a href=\"https:\/\/policies.google.com\/privacy?hl=es-ES\">aqu\u00ed<\/a>.<\/p>\n<p>Aquesta informaci\u00f3 obtinguda de forma an\u00f2nima ens permet millorar els nostres serveis sobre la base de l&#8217;experi\u00e8ncia dels visitants.<\/p>\n<p>L&#8217;usuari pot decidir si accepta o no l&#8217;\u00fas de les cookies no t\u00e8cniques quan visita el site per primera vegada, i sempre que ho desitgi pot gestionar les seves prefer\u00e8ncies en aquesta secci\u00f3.<\/p>\n<p>A continuaci\u00f3 se li mostraran els detalls de la seva elecci\u00f3 respecte a l&#8217;acceptaci\u00f3 de les diferents cookies que fem servir: <div id=\"cmplz-manage-consent-container-nojavascript\">Heu carregat la Pol\u00edtica de galetes sense suport javascript.&nbsp;A AMP, podeu utilitzar el bot\u00f3 de gesti\u00f3 del consentiment a la part inferior de la p\u00e0gina.<\/div><div id=\"cmplz-manage-consent-container\" name=\"cmplz-manage-consent-container\" class=\"cmplz-manage-consent-container\"><\/div><\/p>\n<h3><\/h3>\n<p>&nbsp;<\/p>\n<h3><strong>6. Els seus drets<\/strong><\/h3>\n<p>&nbsp;<\/p>\n<p>Podr\u00e0 consultar, complementar o actualitzar la informaci\u00f3 que ens hagi facilitat de diverses formes:<\/p>\n<ul style=\"margin-left: 20px;\">\n<li>Si vost\u00e8 s&#8217;ha registrat amb les seves dades a trav\u00e9s d&#8217;una de les nostres p\u00e0gines webs on comercialitzem els nostres productes, podr\u00e0 realitzar aquestes modificacions a trav\u00e9s dels apartats corresponents del seu compte, un cop s&#8217;hagi identificat amb les seves credencials de registre.<\/li>\n<li>Si vost\u00e8 va facilitar les seves dades per altres vies diferents, com ara en paper, correu electr\u00f2nic, etc, podr\u00e0 posar-se en contacte amb nosaltres a trav\u00e9s de correu electr\u00f2nic, formularis de contacte o tel\u00e8fon.<\/li>\n<\/ul>\n<p>D&#8217;acord amb la llei aplicable, vost\u00e8 t\u00e9 dret d&#8217;acc\u00e9s, dret de rectificaci\u00f3, dret de supressi\u00f3, dret de restricci\u00f3 de processament, dret de portabilitat de dades i dret d&#8217;oposici\u00f3. A continuaci\u00f3 pot trobar m\u00e9s detalls i informaci\u00f3 sobre com i quan pot exercir els seus drets. Respondrem a la seva petici\u00f3 sense demora.<\/p>\n<p>D&#8217;acord amb la llei aplicable (\u201cReglamento General de Protecci\u00f3n de Datos\u201d: Ley Org\u00e1nica 3\/2018, de 5 de diciembre, de Protecci\u00f3n de Datos Personales y garant\u00eda de los derechos digitales), vost\u00e8 pot tenir els seg\u00fcents drets en relaci\u00f3 amb les seves dades personals:<\/p>\n<ul>\n<li style=\"list-style-type: none;\">\n<ul>\n<li>Dret a sol\u00b7licitar acc\u00e9s a les seves dades personals. Aix\u00f2 li permet rebre una c\u00f2pia de les dades personals que conservem sobre vost\u00e8 i comprovar que les processem legalment.<\/li>\n<li>Dret a sol\u00b7licitar la correcci\u00f3 de les seves dades personals si no s\u00f3n precisos. Tamb\u00e9 pot complementar qualsevol dada personal incompleta que tinguem, tenint en compte els objectius del processament.<\/li>\n<li>Dret a sol\u00b7licitar l&#8217;eliminaci\u00f3 de les seves dades personals si:\n<ul>\n<li>les seves dades personals no s\u00f3n necessaries per als fins per als quals els recopilem o processem; o<\/li>\n<li>vost\u00e8 retira el seu consentiment si el processament de les seves dades personals es basa en consentiment i no hi ha cap altre fonament jur\u00eddic; o<\/li>\n<li>vost\u00e8 objecta el processament de les seves dades personals i nosaltres no tenim un motiu leg\u00edtim fonamental per al processament; o<\/li>\n<li>les seves dades personals estan sent processades il\u00b7legalment; o<\/li>\n<li>les seves dades personals s&#8217;han d&#8217;eliminar per al compliment d&#8217;una obligaci\u00f3 legal.<\/li>\n<\/ul>\n<\/li>\n<li>Dret a objectar al processament de les seves dades personals. Complirem la seva petici\u00f3 a menys que tinguem un inter\u00e8s leg\u00edtim fonamental convincent per al processament o necessitem seguir processant les seves dades personals per a establir, exercir o defensar una demanda legal.<\/li>\n<li>Dret a restringir el processament de dades personals si:\n<ul>\n<li style=\"list-style-type: none;\">\n<ul>\n<li>vost\u00e8 q\u00fcestiona la precisi\u00f3 de les seves dades personals, durant el per\u00edode en qu\u00e8 hem de verificar la precisi\u00f3 de les dades personals; o<\/li>\n<li>el processament \u00e9s il\u00b7legal i vost\u00e8 s&#8217;oposa a l&#8217;eliminaci\u00f3 de les seves dades personals i sol\u00b7licita una restricci\u00f3; o<\/li>\n<li>ja no necessitem les seves dades personals a l&#8217;efecte de processament, per\u00f2 vost\u00e8 necessita les seves dades personals per a demandes legals; o<\/li>\n<li>vost\u00e8 ha objectat al processament, durant el per\u00edode en qu\u00e8 hem de verificar els motius leg\u00edtims fonamentals.<\/li>\n<li>Dret a portabilitat de dades. Pot sol\u00b7licitar-nos que rebem les dades personals que l&#8217;afecten. Tamb\u00e9 pot sol\u00b7licitar-nos que enviem aquestes dades personals a un tercer, quan sigui viable. Vost\u00e8 nom\u00e9s t\u00e9 aquest dret si contempla dades personals que ens ha proporcionat, el processament es basa en un consentiment o \u00e9s necessari per a la formalitzaci\u00f3 d&#8217;un contracte entre vost\u00e8 i nosaltres, i el processament es realitza per mitjans automatitzats.<\/li>\n<\/ul>\n<\/li>\n<\/ul>\n<\/li>\n<\/ul>\n<\/li>\n<\/ul>\n<p>Per a exercir la resta dels seus drets pot presentar una sol\u00b7licitud per correu electr\u00f2nic a <a id='contact-mail-2' href='KSQ.FA3GFZ@FO3G:FKRGS4@'>KSQ.FA3GFZ@FO3G@<\/a><script>deObfuscateEmail(document.getElementById('contact-mail-2'));<\/script>.<\/p>\n<p>No haur\u00e0 de pagar una tarifa per a accedir a les seves dades personals (ni exercir cap dels altres drets descrits en aquesta Pol\u00edtica de privacitat). No obstant aix\u00f2, podrem cobrar una taxa raonable si la seva sol\u00b7licitud \u00e9s manifestament infundada, repetitiva o desmesurada.<\/p>\n<p>Podrem veure&#8217;ns en la necessitat de sol\u00b7licitar-li informaci\u00f3 espec\u00edfica que ens ajudi a confirmar la seva identitat i garantir el seu dret a accedir a les seves dades personals (o a exercir la resta dels seus drets). Aquesta \u00e9s una mesura de seguretat destinada a garantir que les seves dades no es revelin a una altra persona que no tingui dret a rebre-les. En un esfor\u00e7 per agilitzar la nostra resposta, \u00e9s possible que ens posem en contacte amb vost\u00e8 per a demanar-li informaci\u00f3 addicional en relaci\u00f3 amb la seva sol\u00b7licitud.<\/p>\n<h3><\/h3>\n<p>&nbsp;<\/p>\n<h3><strong>7. Com protegim seves dades personals<\/strong><\/h3>\n<p>&nbsp;<\/p>\n<p>Volem que se senti segur al utilitzar els nostres serveis, i ens comprometem a protegir les dades personals que recopilem. Encara que cap lloc web pot garantir una seguretat perfecta, hem implementat i mantenim mesures f\u00edsiques, administratives, t\u00e8cniques i organitzatives apropiades per a protegir les dades personals que ens proporciona davant l&#8217;acc\u00e8s no autoritzat o il\u00b7legal, la revelaci\u00f3 d&#8217;informaci\u00f3, i contra p\u00e8rdues, danys, alteracions o destruccions accidentals.<\/p>\n<p>Per exemple, nom\u00e9s els empleats autoritzats poden accedir a les dades personals, i nom\u00e9s poden fer-ho per dur a terme funcions empresarials permeses. Aix\u00ed mateix, utilitzem codificaci\u00f3 per transmetre les seves dades personals entre el nostre sistema i el seu, aix\u00ed com entre el nostre sistema i el de les parts amb les que compartim la informaci\u00f3 confidencial; a m\u00e9s, fem servir tallafocs i sistemes de detecci\u00f3 d&#8217;intrusos per evitar que les persones no autoritzades obtinguin acc\u00e9s a les seves dades personals.<\/p>\n<h3><\/h3>\n<p>&nbsp;<\/p>\n<h3><strong>8. Informaci\u00f3 relativa a menors d&#8217;edat<\/strong><\/h3>\n<p>&nbsp;<\/p>\n<p>Els serveis oferts per JOINSO ja sigui a trav\u00e9s dels seus llocs webs, o pels seus professionals, s\u00f3n serveis i\/o productes per al p\u00fablic en general i no s&#8217;ofereixen serveis dirigits a menors. No recopilem deliberadament dades relacionades amb menors d&#8217;edat. En cas que sapiguem que un menor d&#8217;edat ens ha enviat dades personals, eliminarem o destruirem aquesta informaci\u00f3 tan aviat com sigui raonablement possible.<\/p>\n<h3><\/h3>\n<p>&nbsp;<\/p>\n<h3><strong>9. Enlla\u00e7os externs<\/strong><\/h3>\n<p>&nbsp;<\/p>\n<p>\u00c9s possible que la nostra web inclogui enlla\u00e7os a llocs web, complements i aplicacions de tercers. Si vost\u00e8 accedeix a altres llocs web des dels enlla\u00e7os proporcionats en el nostre lloc web, els operadors d&#8217;aquests llocs web poden recopilar o compartir informaci\u00f3 sobre vost\u00e8. Aquesta informaci\u00f3 es far\u00e0 servir de conformitat amb la seva pol\u00edtica de privacitat, que podr\u00e0 ser diferent de la nostra. Nosaltres no controlem aquests llocs web de tercers i recomanem que examini les declaracions de privacitat publicades en altres llocs web per a con\u00e8ixer els seus procediments a l&#8217;hora de recopilar, utilitzar i divulgar dades personals.<\/p>\n<h3><\/h3>\n<p>&nbsp;<\/p>\n<h3><strong>10. Transfer\u00e8ncies internacionals<\/strong><\/h3>\n<p>&nbsp;<\/p>\n<p>Les seves dades personals es poden guardar en o transferir a pa\u00efsos fora de l&#8217;\u00c0rea Econ\u00f2mica Europea per als fins descrits en aquesta Pol\u00edtica de privacitat. Quan guardem o transferim les seves dades personals fora de l&#8217;\u00c0rea Econ\u00f2mica Europea, prenem les precaucions seg\u00fcents per garantir que les seves dades personals es protegeixen degudament.<\/p>\n<p>Sempre que guardem o transferim les seves dades personals fora de l&#8217;\u00c0rea Econ\u00f2mica Europea, ho farem d&#8217;acord amb la llei aplicable i garantirem que es proporciona un grau similar de protecci\u00f3 als mateixos, implementant salvaguardes. Les transfer\u00e8ncies de dades personals es fan:<\/p>\n<ul>\n<li style=\"list-style-type: none;\">\n<ul>\n<li>a pa\u00efsos reconeguts per la Comissi\u00f3 Europea per proporcionar un nivell adequat de protecci\u00f3, o;<\/li>\n<li>a pa\u00efsos que no ofereixen una protecci\u00f3 adequada, per\u00f2 la transfer\u00e8ncia s&#8217;ha regit per les cl\u00e0usules contractuals est\u00e0ndard de la Comissi\u00f3 Europea o mitjan\u00e7ant la implementaci\u00f3 d&#8217;altres solucions de transfer\u00e8ncies transfrontereres apropiades per a proporcionar una protecci\u00f3 adequada.<\/li>\n<\/ul>\n<\/li>\n<\/ul>\n<p>En utilitzar els nostres serveis, vost\u00e8 accepta que les seves dades personals es puguin transferir a les nostres instal\u00b7lacions i a les d&#8217;aquells tercers amb els quals les compartim, tal com es descriu en la present Pol\u00edtica de privacitat.<\/p>\n<h3><\/h3>\n<p>&nbsp;<\/p>\n<h3><strong>11. Canvis en la present Pol\u00edtica de privacitat<\/strong><\/h3>\n<p>&nbsp;<\/p>\n<p>JOINSO pot canviar o modificar aquesta Pol\u00edtica de privacitat de tant en tant. En la primera p\u00e0gina d&#8217;aquesta Pol\u00edtica de privacitat indicarem la data en qu\u00e8 s&#8217;han realitzat les \u00faltimes revisions a la present Pol\u00edtica de privacitat, i totes les revisions tindran efecte immediatament despr\u00e9s de la seva publicaci\u00f3. Notificarem als nostres clients tots els canvis importants que es realitzen a la present Pol\u00edtica de privacitat mitjan\u00e7ant l&#8217;enviament d&#8217;un av\u00eds a l&#8217;adre\u00e7a de correu electr\u00f2nic que ens hagin proporcionat o mitjan\u00e7ant la publicaci\u00f3 d&#8217;un av\u00eds en el nostre lloc web. Li recomanem que consulti la present Pol\u00edtica de privacitat peri\u00f2dicament per a revisar la versi\u00f3 m\u00e9s actual.<\/p>\n<h3><\/h3>\n<p>&nbsp;<\/p>\n<h3><strong>12. Com pot posar-se en contacte amb nosaltres<\/strong><\/h3>\n<p>&nbsp;<\/p>\n<p>Si t\u00e9 alguna pregunta o queixa sobre el processament de les seves dades personals per part nostra, pot posar-se en contacte amb nosaltres a \u00a0 <a id='contact-mail-3' href='KSQ.FA3GFZ@FO3G:FKRGS4@'>KSQ.FA3GFZ@FO3G@<\/a><script>deObfuscateEmail(document.getElementById('contact-mail-3'));<\/script>. \u00a0 Tamb\u00e9 t\u00e9 dret a presentar una reclamaci\u00f3 a l&#8217;autoritat supervisora sobre la forma en qu\u00e8 processem les seves dades personals, per\u00f2 li preguem que en primera inst\u00e0ncia contacti amb nosaltres per a fer-nos c\u00e0rrec dels seus dubtes o preguntes.<\/p>\n<p>Les nostres dades completes de contacte s\u00f3n:<\/p>\n<p>JOINSO IT CONSULTING AND ADVICE S.L.<br \/>Avinguda Francesc Maci\u00e0, 35<br \/>08206 Sabadell<\/p>\n<p>A l&#8217;atenci\u00f3 de: Agent de Privacitat \/ Departament Jur\u00eddic<br \/>Correu electr\u00f2nic: \u00a0 <a id='contact-mail-4' href='KSQ.FA3GFZ@FO3G:FKRGS4@'>KSQ.FA3GFZ@FO3G@<\/a><script>deObfuscateEmail(document.getElementById('contact-mail-4'));<\/script><\/p>\n<p>&nbsp;<\/p>\n<p><script>\n(function($) {\n    $(document).on(\"cmplzCookieWarningLoaded\", myScriptHandler);\n    function myScriptHandler(consentData) \n    {\n            $('#cc-banner-wrap').css(\"background-color\", \"rgba(0,0,0,0)\");\n    }\n})(jQuery);\n<\/script><\/p>\n<p>[\/et_pb_text][\/et_pb_column][\/et_pb_row][\/et_pb_section]<\/p>\n","protected":false},"excerpt":{"rendered":"<p>Politica de Privacidad de JOINSO<\/p>\n","protected":false},"author":1,"featured_media":0,"parent":0,"menu_order":0,"comment_status":"closed","ping_status":"closed","template":"","meta":{"_et_pb_use_builder":"on","_et_pb_old_content":"","_et_gb_content_width":"","footnotes":""},"class_list":["post-1112","page","type-page","status-publish","hentry"],"_links":{"self":[{"href":"https:\/\/joinso.cat\/ca\/wp-json\/wp\/v2\/pages\/1112","targetHints":{"allow":["GET"]}}],"collection":[{"href":"https:\/\/joinso.cat\/ca\/wp-json\/wp\/v2\/pages"}],"about":[{"href":"https:\/\/joinso.cat\/ca\/wp-json\/wp\/v2\/types\/page"}],"author":[{"embeddable":true,"href":"https:\/\/joinso.cat\/ca\/wp-json\/wp\/v2\/users\/1"}],"replies":[{"embeddable":true,"href":"https:\/\/joinso.cat\/ca\/wp-json\/wp\/v2\/comments?post=1112"}],"version-history":[{"count":17,"href":"https:\/\/joinso.cat\/ca\/wp-json\/wp\/v2\/pages\/1112\/revisions"}],"predecessor-version":[{"id":2807,"href":"https:\/\/joinso.cat\/ca\/wp-json\/wp\/v2\/pages\/1112\/revisions\/2807"}],"wp:attachment":[{"href":"https:\/\/joinso.cat\/ca\/wp-json\/wp\/v2\/media?parent=1112"}],"curies":[{"name":"wp","href":"https:\/\/api.w.org\/{rel}","templated":true}]}}